{"id":197,"date":"2023-09-26T06:41:21","date_gmt":"2023-09-26T09:41:21","guid":{"rendered":"https:\/\/demais.fm.br\/104.7\/?page_id=197"},"modified":"2026-01-13T16:57:30","modified_gmt":"2026-01-13T19:57:30","slug":"equipe","status":"publish","type":"page","link":"https:\/\/demais.fm.br\/104.7\/equipe\/","title":{"rendered":"Equipe"},"content":{"rendered":"\t\t<div data-elementor-type=\"wp-page\" data-elementor-id=\"197\" class=\"elementor elementor-197\">\n\t\t\t\t<div class=\"elementor-element elementor-element-e3b2ada e-flex e-con-boxed e-con e-parent\" data-id=\"e3b2ada\" data-element_type=\"container\">\n\t\t\t\t\t<div class=\"e-con-inner\">\n\t\t\t\t<div class=\"elementor-element elementor-element-6db40a5 font-MazzardSoftM elementor-widget elementor-widget-heading\" data-id=\"6db40a5\" data-element_type=\"widget\" data-widget_type=\"heading.default\">\n\t\t\t\t<div class=\"elementor-widget-container\">\n\t\t\t\t\t<h2 class=\"elementor-heading-title elementor-size-default\">Equipe<\/h2>\t\t\t\t<\/div>\n\t\t\t\t<\/div>\n\t\t<div class=\"elementor-element elementor-element-00ef0d6 e-flex e-con-boxed e-con e-child\" data-id=\"00ef0d6\" data-element_type=\"container\">\n\t\t\t\t\t<div class=\"e-con-inner\">\n\t\t<div class=\"elementor-element elementor-element-b0bfe51 e-con-full e-flex e-con e-child\" data-id=\"b0bfe51\" data-element_type=\"container\">\n\t\t\t\t<div class=\"elementor-element elementor-element-fa9359f elementor-widget elementor-widget-image\" data-id=\"fa9359f\" data-element_type=\"widget\" data-widget_type=\"image.default\">\n\t\t\t\t<div class=\"elementor-widget-container\">\n\t\t\t\t\t\t\t\t\t\t\t\t<figure class=\"wp-caption\">\n\t\t\t\t\t\t\t\t\t\t<img fetchpriority=\"high\" decoding=\"async\" width=\"853\" height=\"1280\" src=\"https:\/\/demais.fm.br\/104.7\/wp-content\/uploads\/2026\/01\/Design-sem-nome.png\" class=\"elementor-animation-pulse-shrink attachment-full size-full wp-image-2462\" alt=\"\" srcset=\"https:\/\/demais.fm.br\/104.7\/wp-content\/uploads\/2026\/01\/Design-sem-nome.png 853w, https:\/\/demais.fm.br\/104.7\/wp-content\/uploads\/2026\/01\/Design-sem-nome-200x300.png 200w, https:\/\/demais.fm.br\/104.7\/wp-content\/uploads\/2026\/01\/Design-sem-nome-682x1024.png 682w, https:\/\/demais.fm.br\/104.7\/wp-content\/uploads\/2026\/01\/Design-sem-nome-768x1152.png 768w\" sizes=\"(max-width: 853px) 100vw, 853px\" \/>\t\t\t\t\t\t\t\t\t\t\t<figcaption class=\"widget-image-caption wp-caption-text\">Douglas Fernandes Anad\u00e3o <br> Diretor Rede Demais FM<\/figcaption>\n\t\t\t\t\t\t\t\t\t\t<\/figure>\n\t\t\t\t\t\t\t\t\t<\/div>\n\t\t\t\t<\/div>\n\t\t\t\t<\/div>\n\t\t<div class=\"elementor-element elementor-element-fe4bfd8 e-con-full e-flex e-con e-child\" data-id=\"fe4bfd8\" data-element_type=\"container\">\n\t\t\t\t<div class=\"elementor-element elementor-element-76e2b17 elementor-widget elementor-widget-image\" data-id=\"76e2b17\" data-element_type=\"widget\" data-widget_type=\"image.default\">\n\t\t\t\t<div class=\"elementor-widget-container\">\n\t\t\t\t\t\t\t\t\t\t\t\t<figure class=\"wp-caption\">\n\t\t\t\t\t\t\t\t\t\t<img decoding=\"async\" width=\"853\" height=\"1280\" src=\"https:\/\/demais.fm.br\/104.7\/wp-content\/uploads\/2026\/01\/Design-sem-nome-1.png\" class=\"elementor-animation-pulse-shrink attachment-full size-full wp-image-2463\" alt=\"\" srcset=\"https:\/\/demais.fm.br\/104.7\/wp-content\/uploads\/2026\/01\/Design-sem-nome-1.png 853w, https:\/\/demais.fm.br\/104.7\/wp-content\/uploads\/2026\/01\/Design-sem-nome-1-200x300.png 200w, https:\/\/demais.fm.br\/104.7\/wp-content\/uploads\/2026\/01\/Design-sem-nome-1-682x1024.png 682w, https:\/\/demais.fm.br\/104.7\/wp-content\/uploads\/2026\/01\/Design-sem-nome-1-768x1152.png 768w\" sizes=\"(max-width: 853px) 100vw, 853px\" \/>\t\t\t\t\t\t\t\t\t\t\t<figcaption class=\"widget-image-caption wp-caption-text\">Roselia Friese Fernandes Anad\u00e3o <br>   Gerente Administrativa<\/figcaption>\n\t\t\t\t\t\t\t\t\t\t<\/figure>\n\t\t\t\t\t\t\t\t\t<\/div>\n\t\t\t\t<\/div>\n\t\t\t\t<\/div>\n\t\t<div class=\"elementor-element elementor-element-407161e e-con-full e-flex e-con e-child\" data-id=\"407161e\" data-element_type=\"container\">\n\t\t\t\t<div class=\"elementor-element elementor-element-1a5e8cd elementor-widget elementor-widget-image\" data-id=\"1a5e8cd\" data-element_type=\"widget\" data-widget_type=\"image.default\">\n\t\t\t\t<div class=\"elementor-widget-container\">\n\t\t\t\t\t\t\t\t\t\t\t\t<figure class=\"wp-caption\">\n\t\t\t\t\t\t\t\t\t\t<img decoding=\"async\" src=\"https:\/\/demais.fm.br\/104.7\/wp-content\/uploads\/elementor\/thumbs\/Lui-qefm81pk9dm5u3lfv5vz4yrqa9byoobjum1nopo3ls.jpg\" title=\"Lui\" alt=\"Lui\" class=\"elementor-animation-pulse-shrink\" loading=\"lazy\" \/>\t\t\t\t\t\t\t\t\t\t\t<figcaption class=\"widget-image-caption wp-caption-text\">Lui R\u00e9gis  <br> Diretor Artistico <\/figcaption>\n\t\t\t\t\t\t\t\t\t\t<\/figure>\n\t\t\t\t\t\t\t\t\t<\/div>\n\t\t\t\t<\/div>\n\t\t\t\t<\/div>\n\t\t<div class=\"elementor-element elementor-element-fba6585 e-con-full e-flex e-con e-child\" data-id=\"fba6585\" data-element_type=\"container\">\n\t\t\t\t<div class=\"elementor-element elementor-element-ddc530d elementor-widget elementor-widget-image\" data-id=\"ddc530d\" data-element_type=\"widget\" data-widget_type=\"image.default\">\n\t\t\t\t<div class=\"elementor-widget-container\">\n\t\t\t\t\t\t\t\t\t\t\t\t<figure class=\"wp-caption\">\n\t\t\t\t\t\t\t\t\t\t<img decoding=\"async\" width=\"853\" height=\"1280\" src=\"https:\/\/demais.fm.br\/104.7\/wp-content\/uploads\/2023\/10\/Ze-3.jpg\" class=\"elementor-animation-pulse-shrink attachment-full size-full wp-image-368\" alt=\"\" srcset=\"https:\/\/demais.fm.br\/104.7\/wp-content\/uploads\/2023\/10\/Ze-3.jpg 853w, https:\/\/demais.fm.br\/104.7\/wp-content\/uploads\/2023\/10\/Ze-3-200x300.jpg 200w, https:\/\/demais.fm.br\/104.7\/wp-content\/uploads\/2023\/10\/Ze-3-682x1024.jpg 682w, https:\/\/demais.fm.br\/104.7\/wp-content\/uploads\/2023\/10\/Ze-3-768x1152.jpg 768w\" sizes=\"(max-width: 853px) 100vw, 853px\" \/>\t\t\t\t\t\t\t\t\t\t\t<figcaption class=\"widget-image-caption wp-caption-text\">Jos\u00e9 Moreira Fonseca Filho  <br>      Office Boy<\/figcaption>\n\t\t\t\t\t\t\t\t\t\t<\/figure>\n\t\t\t\t\t\t\t\t\t<\/div>\n\t\t\t\t<\/div>\n\t\t\t\t<\/div>\n\t\t\t\t\t<\/div>\n\t\t\t\t<\/div>\n\t\t<div class=\"elementor-element elementor-element-f9fd5ea e-flex e-con-boxed e-con e-child\" data-id=\"f9fd5ea\" data-element_type=\"container\">\n\t\t\t\t\t<div class=\"e-con-inner\">\n\t\t<div class=\"elementor-element elementor-element-5edec6b e-con-full e-flex e-con e-child\" data-id=\"5edec6b\" data-element_type=\"container\">\n\t\t\t\t<div class=\"elementor-element elementor-element-d8ffc75 elementor-widget elementor-widget-image\" data-id=\"d8ffc75\" data-element_type=\"widget\" data-widget_type=\"image.default\">\n\t\t\t\t<div class=\"elementor-widget-container\">\n\t\t\t\t\t\t\t\t\t\t\t\t<figure class=\"wp-caption\">\n\t\t\t\t\t\t\t\t\t\t<img loading=\"lazy\" decoding=\"async\" width=\"1920\" height=\"2560\" src=\"https:\/\/demais.fm.br\/104.7\/wp-content\/uploads\/2025\/08\/CRIS-1-scaled.jpg\" class=\"elementor-animation-pulse-shrink attachment-full size-full wp-image-2298\" alt=\"\" srcset=\"https:\/\/demais.fm.br\/104.7\/wp-content\/uploads\/2025\/08\/CRIS-1-scaled.jpg 1920w, https:\/\/demais.fm.br\/104.7\/wp-content\/uploads\/2025\/08\/CRIS-1-225x300.jpg 225w, https:\/\/demais.fm.br\/104.7\/wp-content\/uploads\/2025\/08\/CRIS-1-768x1024.jpg 768w, https:\/\/demais.fm.br\/104.7\/wp-content\/uploads\/2025\/08\/CRIS-1-1152x1536.jpg 1152w, https:\/\/demais.fm.br\/104.7\/wp-content\/uploads\/2025\/08\/CRIS-1-1536x2048.jpg 1536w\" sizes=\"(max-width: 1920px) 100vw, 1920px\" \/>\t\t\t\t\t\t\t\t\t\t\t<figcaption class=\"widget-image-caption wp-caption-text\">Cristiane Israel <br> Consultora de Vendas<\/figcaption>\n\t\t\t\t\t\t\t\t\t\t<\/figure>\n\t\t\t\t\t\t\t\t\t<\/div>\n\t\t\t\t<\/div>\n\t\t\t\t<\/div>\n\t\t<div class=\"elementor-element elementor-element-bf32970 e-con-full e-flex e-con e-child\" data-id=\"bf32970\" data-element_type=\"container\">\n\t\t\t\t<div class=\"elementor-element elementor-element-5ac26af elementor-widget elementor-widget-image\" data-id=\"5ac26af\" data-element_type=\"widget\" data-widget_type=\"image.default\">\n\t\t\t\t<div class=\"elementor-widget-container\">\n\t\t\t\t\t\t\t\t\t\t\t\t<figure class=\"wp-caption\">\n\t\t\t\t\t\t\t\t\t\t<img loading=\"lazy\" decoding=\"async\" width=\"1920\" height=\"2560\" src=\"https:\/\/demais.fm.br\/104.7\/wp-content\/uploads\/2025\/08\/LETICIA-1.JPEG-scaled.jpg\" class=\"elementor-animation-pulse-shrink attachment-full size-full wp-image-2286\" alt=\"\" srcset=\"https:\/\/demais.fm.br\/104.7\/wp-content\/uploads\/2025\/08\/LETICIA-1.JPEG-scaled.jpg 1920w, https:\/\/demais.fm.br\/104.7\/wp-content\/uploads\/2025\/08\/LETICIA-1.JPEG-225x300.jpg 225w, https:\/\/demais.fm.br\/104.7\/wp-content\/uploads\/2025\/08\/LETICIA-1.JPEG-768x1024.jpg 768w, https:\/\/demais.fm.br\/104.7\/wp-content\/uploads\/2025\/08\/LETICIA-1.JPEG-1152x1536.jpg 1152w, https:\/\/demais.fm.br\/104.7\/wp-content\/uploads\/2025\/08\/LETICIA-1.JPEG-1536x2048.jpg 1536w\" sizes=\"(max-width: 1920px) 100vw, 1920px\" \/>\t\t\t\t\t\t\t\t\t\t\t<figcaption class=\"widget-image-caption wp-caption-text\">Let\u00edcia Pedroso  <br> Gerente \/Opec<\/figcaption>\n\t\t\t\t\t\t\t\t\t\t<\/figure>\n\t\t\t\t\t\t\t\t\t<\/div>\n\t\t\t\t<\/div>\n\t\t\t\t<\/div>\n\t\t<div class=\"elementor-element elementor-element-e8757bb e-con-full e-flex e-con e-child\" data-id=\"e8757bb\" data-element_type=\"container\">\n\t\t\t\t<div class=\"elementor-element elementor-element-420a146 elementor-widget elementor-widget-image\" data-id=\"420a146\" data-element_type=\"widget\" data-widget_type=\"image.default\">\n\t\t\t\t<div class=\"elementor-widget-container\">\n\t\t\t\t\t\t\t\t\t\t\t\t<figure class=\"wp-caption\">\n\t\t\t\t\t\t\t\t\t\t<img loading=\"lazy\" decoding=\"async\" width=\"1920\" height=\"2560\" src=\"https:\/\/demais.fm.br\/104.7\/wp-content\/uploads\/2025\/08\/RAFAELA-1.JPEG-scaled.jpg\" class=\"elementor-animation-pulse-shrink attachment-full size-full wp-image-2283\" alt=\"\" srcset=\"https:\/\/demais.fm.br\/104.7\/wp-content\/uploads\/2025\/08\/RAFAELA-1.JPEG-scaled.jpg 1920w, https:\/\/demais.fm.br\/104.7\/wp-content\/uploads\/2025\/08\/RAFAELA-1.JPEG-225x300.jpg 225w, https:\/\/demais.fm.br\/104.7\/wp-content\/uploads\/2025\/08\/RAFAELA-1.JPEG-768x1024.jpg 768w, https:\/\/demais.fm.br\/104.7\/wp-content\/uploads\/2025\/08\/RAFAELA-1.JPEG-1152x1536.jpg 1152w, https:\/\/demais.fm.br\/104.7\/wp-content\/uploads\/2025\/08\/RAFAELA-1.JPEG-1536x2048.jpg 1536w\" sizes=\"(max-width: 1920px) 100vw, 1920px\" \/>\t\t\t\t\t\t\t\t\t\t\t<figcaption class=\"widget-image-caption wp-caption-text\">Rafaela Fernanda Schweitzer  <br> Recep\u00e7\u00e3o e Dep. Financeiro<\/figcaption>\n\t\t\t\t\t\t\t\t\t\t<\/figure>\n\t\t\t\t\t\t\t\t\t<\/div>\n\t\t\t\t<\/div>\n\t\t\t\t<\/div>\n\t\t<div class=\"elementor-element elementor-element-13c9b5d e-con-full e-flex e-con e-child\" data-id=\"13c9b5d\" data-element_type=\"container\">\n\t\t\t\t<div class=\"elementor-element elementor-element-fefa5a2 elementor-widget elementor-widget-image\" data-id=\"fefa5a2\" data-element_type=\"widget\" data-widget_type=\"image.default\">\n\t\t\t\t<div class=\"elementor-widget-container\">\n\t\t\t\t\t\t\t\t\t\t\t\t<figure class=\"wp-caption\">\n\t\t\t\t\t\t\t\t\t\t<img loading=\"lazy\" decoding=\"async\" width=\"1920\" height=\"2560\" src=\"https:\/\/demais.fm.br\/104.7\/wp-content\/uploads\/2025\/08\/MORGANA-S-1.JPEG-scaled.jpg\" class=\"elementor-animation-pulse-shrink attachment-full size-full wp-image-2282\" alt=\"\" srcset=\"https:\/\/demais.fm.br\/104.7\/wp-content\/uploads\/2025\/08\/MORGANA-S-1.JPEG-scaled.jpg 1920w, https:\/\/demais.fm.br\/104.7\/wp-content\/uploads\/2025\/08\/MORGANA-S-1.JPEG-225x300.jpg 225w, https:\/\/demais.fm.br\/104.7\/wp-content\/uploads\/2025\/08\/MORGANA-S-1.JPEG-768x1024.jpg 768w, https:\/\/demais.fm.br\/104.7\/wp-content\/uploads\/2025\/08\/MORGANA-S-1.JPEG-1152x1536.jpg 1152w, https:\/\/demais.fm.br\/104.7\/wp-content\/uploads\/2025\/08\/MORGANA-S-1.JPEG-1536x2048.jpg 1536w\" sizes=\"(max-width: 1920px) 100vw, 1920px\" \/>\t\t\t\t\t\t\t\t\t\t\t<figcaption class=\"widget-image-caption wp-caption-text\">Laressa Morgana Casa De Souza  <br> Comunicadora<\/figcaption>\n\t\t\t\t\t\t\t\t\t\t<\/figure>\n\t\t\t\t\t\t\t\t\t<\/div>\n\t\t\t\t<\/div>\n\t\t\t\t<\/div>\n\t\t\t\t\t<\/div>\n\t\t\t\t<\/div>\n\t\t<div class=\"elementor-element elementor-element-f866f3f e-flex e-con-boxed e-con e-child\" data-id=\"f866f3f\" data-element_type=\"container\">\n\t\t\t\t\t<div class=\"e-con-inner\">\n\t\t<div class=\"elementor-element elementor-element-49720ca e-con-full e-flex e-con e-child\" data-id=\"49720ca\" data-element_type=\"container\">\n\t\t\t\t<div class=\"elementor-element elementor-element-2a7f133 elementor-widget elementor-widget-image\" data-id=\"2a7f133\" data-element_type=\"widget\" data-widget_type=\"image.default\">\n\t\t\t\t<div class=\"elementor-widget-container\">\n\t\t\t\t\t\t\t\t\t\t\t\t<figure class=\"wp-caption\">\n\t\t\t\t\t\t\t\t\t\t<img loading=\"lazy\" decoding=\"async\" width=\"1920\" height=\"2560\" src=\"https:\/\/demais.fm.br\/104.7\/wp-content\/uploads\/2025\/08\/MARCO-1.JPEG-scaled.jpg\" class=\"elementor-animation-pulse-shrink attachment-full size-full wp-image-2281\" alt=\"\" srcset=\"https:\/\/demais.fm.br\/104.7\/wp-content\/uploads\/2025\/08\/MARCO-1.JPEG-scaled.jpg 1920w, https:\/\/demais.fm.br\/104.7\/wp-content\/uploads\/2025\/08\/MARCO-1.JPEG-225x300.jpg 225w, https:\/\/demais.fm.br\/104.7\/wp-content\/uploads\/2025\/08\/MARCO-1.JPEG-768x1024.jpg 768w, https:\/\/demais.fm.br\/104.7\/wp-content\/uploads\/2025\/08\/MARCO-1.JPEG-1152x1536.jpg 1152w, https:\/\/demais.fm.br\/104.7\/wp-content\/uploads\/2025\/08\/MARCO-1.JPEG-1536x2048.jpg 1536w\" sizes=\"(max-width: 1920px) 100vw, 1920px\" \/>\t\t\t\t\t\t\t\t\t\t\t<figcaption class=\"widget-image-caption wp-caption-text\">Marco Ant\u00f4nio Felipe  <br> Comunicador<\/figcaption>\n\t\t\t\t\t\t\t\t\t\t<\/figure>\n\t\t\t\t\t\t\t\t\t<\/div>\n\t\t\t\t<\/div>\n\t\t\t\t<\/div>\n\t\t<div class=\"elementor-element elementor-element-347c70c e-con-full e-flex e-con e-child\" data-id=\"347c70c\" data-element_type=\"container\">\n\t\t\t\t<div class=\"elementor-element elementor-element-99ebd38 elementor-widget elementor-widget-image\" data-id=\"99ebd38\" data-element_type=\"widget\" data-widget_type=\"image.default\">\n\t\t\t\t<div class=\"elementor-widget-container\">\n\t\t\t\t\t\t\t\t\t\t\t\t<figure class=\"wp-caption\">\n\t\t\t\t\t\t\t\t\t\t<img loading=\"lazy\" decoding=\"async\" width=\"1920\" height=\"2560\" src=\"https:\/\/demais.fm.br\/104.7\/wp-content\/uploads\/2025\/08\/EZEQUIEL-1.JPEG-scaled.jpg\" class=\"elementor-animation-pulse-shrink attachment-full size-full wp-image-2287\" alt=\"\" srcset=\"https:\/\/demais.fm.br\/104.7\/wp-content\/uploads\/2025\/08\/EZEQUIEL-1.JPEG-scaled.jpg 1920w, https:\/\/demais.fm.br\/104.7\/wp-content\/uploads\/2025\/08\/EZEQUIEL-1.JPEG-225x300.jpg 225w, https:\/\/demais.fm.br\/104.7\/wp-content\/uploads\/2025\/08\/EZEQUIEL-1.JPEG-768x1024.jpg 768w, https:\/\/demais.fm.br\/104.7\/wp-content\/uploads\/2025\/08\/EZEQUIEL-1.JPEG-1152x1536.jpg 1152w, https:\/\/demais.fm.br\/104.7\/wp-content\/uploads\/2025\/08\/EZEQUIEL-1.JPEG-1536x2048.jpg 1536w\" sizes=\"(max-width: 1920px) 100vw, 1920px\" \/>\t\t\t\t\t\t\t\t\t\t\t<figcaption class=\"widget-image-caption wp-caption-text\">Ezequiel Silva  <br> Departamento de Jornalismo<\/figcaption>\n\t\t\t\t\t\t\t\t\t\t<\/figure>\n\t\t\t\t\t\t\t\t\t<\/div>\n\t\t\t\t<\/div>\n\t\t\t\t<\/div>\n\t\t<div class=\"elementor-element elementor-element-0772bdd e-con-full e-flex e-con e-child\" data-id=\"0772bdd\" data-element_type=\"container\">\n\t\t\t\t<div class=\"elementor-element elementor-element-eec3b77 elementor-widget elementor-widget-image\" data-id=\"eec3b77\" data-element_type=\"widget\" data-widget_type=\"image.default\">\n\t\t\t\t<div class=\"elementor-widget-container\">\n\t\t\t\t\t\t\t\t\t\t\t\t<figure class=\"wp-caption\">\n\t\t\t\t\t\t\t\t\t\t<img loading=\"lazy\" decoding=\"async\" width=\"1920\" height=\"2560\" src=\"https:\/\/demais.fm.br\/104.7\/wp-content\/uploads\/2025\/08\/LEONARDO-scaled.jpg\" class=\"elementor-animation-pulse-shrink attachment-full size-full wp-image-2297\" alt=\"\" srcset=\"https:\/\/demais.fm.br\/104.7\/wp-content\/uploads\/2025\/08\/LEONARDO-scaled.jpg 1920w, https:\/\/demais.fm.br\/104.7\/wp-content\/uploads\/2025\/08\/LEONARDO-225x300.jpg 225w, https:\/\/demais.fm.br\/104.7\/wp-content\/uploads\/2025\/08\/LEONARDO-768x1024.jpg 768w, https:\/\/demais.fm.br\/104.7\/wp-content\/uploads\/2025\/08\/LEONARDO-1152x1536.jpg 1152w, https:\/\/demais.fm.br\/104.7\/wp-content\/uploads\/2025\/08\/LEONARDO-1536x2048.jpg 1536w\" sizes=\"(max-width: 1920px) 100vw, 1920px\" \/>\t\t\t\t\t\t\t\t\t\t\t<figcaption class=\"widget-image-caption wp-caption-text\">Leonardo Staveski <br> Comunicador<\/figcaption>\n\t\t\t\t\t\t\t\t\t\t<\/figure>\n\t\t\t\t\t\t\t\t\t<\/div>\n\t\t\t\t<\/div>\n\t\t\t\t<\/div>\n\t\t<div class=\"elementor-element elementor-element-70590d5 e-con-full e-flex e-con e-child\" data-id=\"70590d5\" data-element_type=\"container\">\n\t\t\t\t<div class=\"elementor-element elementor-element-10b3c20 elementor-widget elementor-widget-image\" data-id=\"10b3c20\" data-element_type=\"widget\" data-widget_type=\"image.default\">\n\t\t\t\t<div class=\"elementor-widget-container\">\n\t\t\t\t\t\t\t\t\t\t\t\t<figure class=\"wp-caption\">\n\t\t\t\t\t\t\t\t\t\t<img loading=\"lazy\" decoding=\"async\" width=\"1920\" height=\"2560\" src=\"https:\/\/demais.fm.br\/104.7\/wp-content\/uploads\/2025\/08\/RAFA-_1_-scaled.jpg\" class=\"elementor-animation-pulse-shrink attachment-full size-full wp-image-2307\" alt=\"\" srcset=\"https:\/\/demais.fm.br\/104.7\/wp-content\/uploads\/2025\/08\/RAFA-_1_-scaled.jpg 1920w, https:\/\/demais.fm.br\/104.7\/wp-content\/uploads\/2025\/08\/RAFA-_1_-225x300.jpg 225w, https:\/\/demais.fm.br\/104.7\/wp-content\/uploads\/2025\/08\/RAFA-_1_-768x1024.jpg 768w, https:\/\/demais.fm.br\/104.7\/wp-content\/uploads\/2025\/08\/RAFA-_1_-1152x1536.jpg 1152w, https:\/\/demais.fm.br\/104.7\/wp-content\/uploads\/2025\/08\/RAFA-_1_-1536x2048.jpg 1536w\" sizes=\"(max-width: 1920px) 100vw, 1920px\" \/>\t\t\t\t\t\t\t\t\t\t\t<figcaption class=\"widget-image-caption wp-caption-text\">Rafael de Souza  <br> Operador de Som<\/figcaption>\n\t\t\t\t\t\t\t\t\t\t<\/figure>\n\t\t\t\t\t\t\t\t\t<\/div>\n\t\t\t\t<\/div>\n\t\t\t\t<\/div>\n\t\t\t\t\t<\/div>\n\t\t\t\t<\/div>\n\t\t<div class=\"elementor-element elementor-element-91c074f e-flex e-con-boxed e-con e-child\" data-id=\"91c074f\" data-element_type=\"container\">\n\t\t\t\t\t<div class=\"e-con-inner\">\n\t\t<div class=\"elementor-element elementor-element-ce0dd08 e-con-full e-flex e-con e-child\" data-id=\"ce0dd08\" data-element_type=\"container\">\n\t\t\t\t<div class=\"elementor-element elementor-element-f8e95d3 elementor-widget elementor-widget-image\" data-id=\"f8e95d3\" data-element_type=\"widget\" data-widget_type=\"image.default\">\n\t\t\t\t<div class=\"elementor-widget-container\">\n\t\t\t\t\t\t\t\t\t\t\t\t<figure class=\"wp-caption\">\n\t\t\t\t\t\t\t\t\t\t<img loading=\"lazy\" decoding=\"async\" width=\"1920\" height=\"2560\" src=\"https:\/\/demais.fm.br\/104.7\/wp-content\/uploads\/2025\/08\/GABRIEL-2.JPEG-scaled.jpg\" class=\"elementor-animation-pulse-shrink attachment-full size-full wp-image-2274\" alt=\"\" srcset=\"https:\/\/demais.fm.br\/104.7\/wp-content\/uploads\/2025\/08\/GABRIEL-2.JPEG-scaled.jpg 1920w, https:\/\/demais.fm.br\/104.7\/wp-content\/uploads\/2025\/08\/GABRIEL-2.JPEG-225x300.jpg 225w, https:\/\/demais.fm.br\/104.7\/wp-content\/uploads\/2025\/08\/GABRIEL-2.JPEG-768x1024.jpg 768w, https:\/\/demais.fm.br\/104.7\/wp-content\/uploads\/2025\/08\/GABRIEL-2.JPEG-1152x1536.jpg 1152w, https:\/\/demais.fm.br\/104.7\/wp-content\/uploads\/2025\/08\/GABRIEL-2.JPEG-1536x2048.jpg 1536w\" sizes=\"(max-width: 1920px) 100vw, 1920px\" \/>\t\t\t\t\t\t\t\t\t\t\t<figcaption class=\"widget-image-caption wp-caption-text\">Gabriel Eduardo Rahn\u00a0Krewer<br> Social Midia e Eventos<\/figcaption>\n\t\t\t\t\t\t\t\t\t\t<\/figure>\n\t\t\t\t\t\t\t\t\t<\/div>\n\t\t\t\t<\/div>\n\t\t\t\t<\/div>\n\t\t<div class=\"elementor-element elementor-element-a0cc51f e-con-full e-flex e-con e-child\" data-id=\"a0cc51f\" data-element_type=\"container\">\n\t\t\t\t<div class=\"elementor-element elementor-element-256d6e2 elementor-widget elementor-widget-image\" data-id=\"256d6e2\" data-element_type=\"widget\" data-widget_type=\"image.default\">\n\t\t\t\t<div class=\"elementor-widget-container\">\n\t\t\t\t\t\t\t\t\t\t\t\t<figure class=\"wp-caption\">\n\t\t\t\t\t\t\t\t\t\t<img loading=\"lazy\" decoding=\"async\" width=\"1920\" height=\"2560\" src=\"https:\/\/demais.fm.br\/104.7\/wp-content\/uploads\/2025\/08\/AUGUSTO-1.JPEG-scaled.jpg\" class=\"elementor-animation-pulse-shrink attachment-full size-full wp-image-2284\" alt=\"\" srcset=\"https:\/\/demais.fm.br\/104.7\/wp-content\/uploads\/2025\/08\/AUGUSTO-1.JPEG-scaled.jpg 1920w, https:\/\/demais.fm.br\/104.7\/wp-content\/uploads\/2025\/08\/AUGUSTO-1.JPEG-225x300.jpg 225w, https:\/\/demais.fm.br\/104.7\/wp-content\/uploads\/2025\/08\/AUGUSTO-1.JPEG-768x1024.jpg 768w, https:\/\/demais.fm.br\/104.7\/wp-content\/uploads\/2025\/08\/AUGUSTO-1.JPEG-1152x1536.jpg 1152w, https:\/\/demais.fm.br\/104.7\/wp-content\/uploads\/2025\/08\/AUGUSTO-1.JPEG-1536x2048.jpg 1536w\" sizes=\"(max-width: 1920px) 100vw, 1920px\" \/>\t\t\t\t\t\t\t\t\t\t\t<figcaption class=\"widget-image-caption wp-caption-text\">Augusto Oenning <br> Operador de Som e Eventos<\/figcaption>\n\t\t\t\t\t\t\t\t\t\t<\/figure>\n\t\t\t\t\t\t\t\t\t<\/div>\n\t\t\t\t<\/div>\n\t\t\t\t<\/div>\n\t\t<div class=\"elementor-element elementor-element-1bf6b4e e-con-full e-flex e-con e-child\" data-id=\"1bf6b4e\" data-element_type=\"container\">\n\t\t\t\t<\/div>\n\t\t<div class=\"elementor-element elementor-element-b1ac3ef e-con-full e-flex e-con e-child\" data-id=\"b1ac3ef\" data-element_type=\"container\">\n\t\t\t\t<\/div>\n\t\t\t\t\t<\/div>\n\t\t\t\t<\/div>\n\t\t\t\t\t<\/div>\n\t\t\t\t<\/div>\n\t\t\t\t<\/div>\n\t\t","protected":false},"excerpt":{"rendered":"<p>Equipe Douglas Fernandes Anad\u00e3o Diretor Rede Demais FM Roselia Friese Fernandes Anad\u00e3o Gerente Administrativa Lui R\u00e9gis Diretor Artistico Jos\u00e9 Moreira Fonseca Filho Office Boy Cristiane Israel Consultora de Vendas Let\u00edcia Pedroso Gerente \/Opec Rafaela Fernanda Schweitzer Recep\u00e7\u00e3o e Dep. Financeiro Laressa Morgana Casa De Souza Comunicadora Marco Ant\u00f4nio Felipe Comunicador Ezequiel Silva Departamento de Jornalismo [&hellip;]<\/p>\n","protected":false},"author":1,"featured_media":0,"parent":0,"menu_order":0,"comment_status":"closed","ping_status":"closed","template":"elementor_header_footer","meta":{"footnotes":""},"class_list":["post-197","page","type-page","status-publish","hentry"],"_links":{"self":[{"href":"https:\/\/demais.fm.br\/104.7\/wp-json\/wp\/v2\/pages\/197","targetHints":{"allow":["GET"]}}],"collection":[{"href":"https:\/\/demais.fm.br\/104.7\/wp-json\/wp\/v2\/pages"}],"about":[{"href":"https:\/\/demais.fm.br\/104.7\/wp-json\/wp\/v2\/types\/page"}],"author":[{"embeddable":true,"href":"https:\/\/demais.fm.br\/104.7\/wp-json\/wp\/v2\/users\/1"}],"replies":[{"embeddable":true,"href":"https:\/\/demais.fm.br\/104.7\/wp-json\/wp\/v2\/comments?post=197"}],"version-history":[{"count":151,"href":"https:\/\/demais.fm.br\/104.7\/wp-json\/wp\/v2\/pages\/197\/revisions"}],"predecessor-version":[{"id":2467,"href":"https:\/\/demais.fm.br\/104.7\/wp-json\/wp\/v2\/pages\/197\/revisions\/2467"}],"wp:attachment":[{"href":"https:\/\/demais.fm.br\/104.7\/wp-json\/wp\/v2\/media?parent=197"}],"curies":[{"name":"wp","href":"https:\/\/api.w.org\/{rel}","templated":true}]}}