{"id":197,"date":"2023-09-26T06:41:21","date_gmt":"2023-09-26T09:41:21","guid":{"rendered":"https:\/\/demais.fm.br\/101.1\/?page_id=197"},"modified":"2025-08-25T17:48:47","modified_gmt":"2025-08-25T20:48:47","slug":"equipe","status":"publish","type":"page","link":"https:\/\/demais.fm.br\/101.1\/equipe\/","title":{"rendered":"Equipe"},"content":{"rendered":"\t\t<div data-elementor-type=\"wp-page\" data-elementor-id=\"197\" class=\"elementor elementor-197\">\n\t\t\t\t<div class=\"elementor-element elementor-element-e3b2ada e-flex e-con-boxed e-con e-parent\" data-id=\"e3b2ada\" data-element_type=\"container\">\n\t\t\t\t\t<div class=\"e-con-inner\">\n\t\t\t\t<div class=\"elementor-element elementor-element-6db40a5 font-MazzardSoftM elementor-widget elementor-widget-heading\" data-id=\"6db40a5\" data-element_type=\"widget\" data-widget_type=\"heading.default\">\n\t\t\t\t<div class=\"elementor-widget-container\">\n\t\t\t<style>\/*! elementor - v3.21.0 - 08-05-2024 *\/\n.elementor-heading-title{padding:0;margin:0;line-height:1}.elementor-widget-heading .elementor-heading-title[class*=elementor-size-]>a{color:inherit;font-size:inherit;line-height:inherit}.elementor-widget-heading .elementor-heading-title.elementor-size-small{font-size:15px}.elementor-widget-heading .elementor-heading-title.elementor-size-medium{font-size:19px}.elementor-widget-heading .elementor-heading-title.elementor-size-large{font-size:29px}.elementor-widget-heading .elementor-heading-title.elementor-size-xl{font-size:39px}.elementor-widget-heading .elementor-heading-title.elementor-size-xxl{font-size:59px}<\/style><h2 class=\"elementor-heading-title elementor-size-default\">Equipe<\/h2>\t\t<\/div>\n\t\t\t\t<\/div>\n\t\t<div class=\"elementor-element elementor-element-00ef0d6 e-flex e-con-boxed e-con e-child\" data-id=\"00ef0d6\" data-element_type=\"container\">\n\t\t\t\t\t<div class=\"e-con-inner\">\n\t\t<div class=\"elementor-element elementor-element-b0bfe51 e-con-full e-flex e-con e-child\" data-id=\"b0bfe51\" data-element_type=\"container\">\n\t\t\t\t<div class=\"elementor-element elementor-element-fa9359f elementor-widget elementor-widget-image\" data-id=\"fa9359f\" data-element_type=\"widget\" data-widget_type=\"image.default\">\n\t\t\t\t<div class=\"elementor-widget-container\">\n\t\t\t<style>\/*! elementor - v3.21.0 - 08-05-2024 *\/\n.elementor-widget-image{text-align:center}.elementor-widget-image a{display:inline-block}.elementor-widget-image a img[src$=\".svg\"]{width:48px}.elementor-widget-image img{vertical-align:middle;display:inline-block}<\/style>\t\t\t\t\t\t\t<figure class=\"wp-caption\">\n\t\t\t\t\t\t\t\t\t\t<img fetchpriority=\"high\" decoding=\"async\" width=\"853\" height=\"1280\" src=\"https:\/\/demais.fm.br\/101.1\/wp-content\/uploads\/2023\/10\/Douglas.jpg\" class=\"elementor-animation-pulse-shrink attachment-full size-full wp-image-312\" alt=\"\" srcset=\"https:\/\/demais.fm.br\/101.1\/wp-content\/uploads\/2023\/10\/Douglas.jpg 853w, https:\/\/demais.fm.br\/101.1\/wp-content\/uploads\/2023\/10\/Douglas-200x300.jpg 200w, https:\/\/demais.fm.br\/101.1\/wp-content\/uploads\/2023\/10\/Douglas-682x1024.jpg 682w, https:\/\/demais.fm.br\/101.1\/wp-content\/uploads\/2023\/10\/Douglas-768x1152.jpg 768w\" sizes=\"(max-width: 853px) 100vw, 853px\" \/>\t\t\t\t\t\t\t\t\t\t\t<figcaption class=\"widget-image-caption wp-caption-text\">Douglas Fernandes Anad\u00e3o <br> Diretor Rede Demais FM<\/figcaption>\n\t\t\t\t\t\t\t\t\t\t<\/figure>\n\t\t\t\t\t\t\t<\/div>\n\t\t\t\t<\/div>\n\t\t\t\t<\/div>\n\t\t<div class=\"elementor-element elementor-element-fe4bfd8 e-con-full e-flex e-con e-child\" data-id=\"fe4bfd8\" data-element_type=\"container\">\n\t\t\t\t<div class=\"elementor-element elementor-element-76e2b17 elementor-widget elementor-widget-image\" data-id=\"76e2b17\" data-element_type=\"widget\" data-widget_type=\"image.default\">\n\t\t\t\t<div class=\"elementor-widget-container\">\n\t\t\t\t\t\t\t\t\t\t<figure class=\"wp-caption\">\n\t\t\t\t\t\t\t\t\t\t<img decoding=\"async\" width=\"853\" height=\"1280\" src=\"https:\/\/demais.fm.br\/101.1\/wp-content\/uploads\/2023\/10\/Ro-1.jpg\" class=\"elementor-animation-pulse-shrink attachment-full size-full wp-image-311\" alt=\"\" srcset=\"https:\/\/demais.fm.br\/101.1\/wp-content\/uploads\/2023\/10\/Ro-1.jpg 853w, https:\/\/demais.fm.br\/101.1\/wp-content\/uploads\/2023\/10\/Ro-1-200x300.jpg 200w, https:\/\/demais.fm.br\/101.1\/wp-content\/uploads\/2023\/10\/Ro-1-682x1024.jpg 682w, https:\/\/demais.fm.br\/101.1\/wp-content\/uploads\/2023\/10\/Ro-1-768x1152.jpg 768w\" sizes=\"(max-width: 853px) 100vw, 853px\" \/>\t\t\t\t\t\t\t\t\t\t\t<figcaption class=\"widget-image-caption wp-caption-text\">Roselia Friese Fernandes Anad\u00e3o Gerente Administrativa<\/figcaption>\n\t\t\t\t\t\t\t\t\t\t<\/figure>\n\t\t\t\t\t\t\t<\/div>\n\t\t\t\t<\/div>\n\t\t\t\t<\/div>\n\t\t<div class=\"elementor-element elementor-element-407161e e-con-full e-flex e-con e-child\" data-id=\"407161e\" data-element_type=\"container\">\n\t\t\t\t<div class=\"elementor-element elementor-element-1dcc2f5 elementor-widget elementor-widget-image\" data-id=\"1dcc2f5\" data-element_type=\"widget\" data-widget_type=\"image.default\">\n\t\t\t\t<div class=\"elementor-widget-container\">\n\t\t\t\t\t\t\t\t\t\t<figure class=\"wp-caption\">\n\t\t\t\t\t\t\t\t\t\t<img decoding=\"async\" width=\"853\" height=\"1280\" src=\"https:\/\/demais.fm.br\/101.1\/wp-content\/uploads\/2023\/10\/Lui.jpg\" class=\"elementor-animation-pulse-shrink attachment-full size-full wp-image-308\" alt=\"\" srcset=\"https:\/\/demais.fm.br\/101.1\/wp-content\/uploads\/2023\/10\/Lui.jpg 853w, https:\/\/demais.fm.br\/101.1\/wp-content\/uploads\/2023\/10\/Lui-200x300.jpg 200w, https:\/\/demais.fm.br\/101.1\/wp-content\/uploads\/2023\/10\/Lui-682x1024.jpg 682w, https:\/\/demais.fm.br\/101.1\/wp-content\/uploads\/2023\/10\/Lui-768x1152.jpg 768w\" sizes=\"(max-width: 853px) 100vw, 853px\" \/>\t\t\t\t\t\t\t\t\t\t\t<figcaption class=\"widget-image-caption wp-caption-text\">Lui R\u00e9gis <br> Diretor Artistico Rede Demais FM<\/figcaption>\n\t\t\t\t\t\t\t\t\t\t<\/figure>\n\t\t\t\t\t\t\t<\/div>\n\t\t\t\t<\/div>\n\t\t\t\t<\/div>\n\t\t<div class=\"elementor-element elementor-element-fba6585 e-con-full e-flex e-con e-child\" data-id=\"fba6585\" data-element_type=\"container\">\n\t\t\t\t<div class=\"elementor-element elementor-element-87e41d6 elementor-widget elementor-widget-image\" data-id=\"87e41d6\" data-element_type=\"widget\" data-widget_type=\"image.default\">\n\t\t\t\t<div class=\"elementor-widget-container\">\n\t\t\t\t\t\t\t\t\t\t<figure class=\"wp-caption\">\n\t\t\t\t\t\t\t\t\t\t<img loading=\"lazy\" decoding=\"async\" width=\"1707\" height=\"2560\" src=\"https:\/\/demais.fm.br\/101.1\/wp-content\/uploads\/2023\/12\/IMG_9920-scaled.jpg\" class=\"elementor-animation-pulse-shrink attachment-full size-full wp-image-387\" alt=\"\" srcset=\"https:\/\/demais.fm.br\/101.1\/wp-content\/uploads\/2023\/12\/IMG_9920-scaled.jpg 1707w, https:\/\/demais.fm.br\/101.1\/wp-content\/uploads\/2023\/12\/IMG_9920-200x300.jpg 200w, https:\/\/demais.fm.br\/101.1\/wp-content\/uploads\/2023\/12\/IMG_9920-683x1024.jpg 683w, https:\/\/demais.fm.br\/101.1\/wp-content\/uploads\/2023\/12\/IMG_9920-768x1152.jpg 768w, https:\/\/demais.fm.br\/101.1\/wp-content\/uploads\/2023\/12\/IMG_9920-1024x1536.jpg 1024w, https:\/\/demais.fm.br\/101.1\/wp-content\/uploads\/2023\/12\/IMG_9920-1365x2048.jpg 1365w\" sizes=\"(max-width: 1707px) 100vw, 1707px\" \/>\t\t\t\t\t\t\t\t\t\t\t<figcaption class=\"widget-image-caption wp-caption-text\">Sandro Goterra <br> Gerente \/ Departamento Jornalismo<\/figcaption>\n\t\t\t\t\t\t\t\t\t\t<\/figure>\n\t\t\t\t\t\t\t<\/div>\n\t\t\t\t<\/div>\n\t\t\t\t<\/div>\n\t\t\t\t\t<\/div>\n\t\t\t\t<\/div>\n\t\t<div class=\"elementor-element elementor-element-f9fd5ea e-flex e-con-boxed e-con e-child\" data-id=\"f9fd5ea\" data-element_type=\"container\">\n\t\t\t\t\t<div class=\"e-con-inner\">\n\t\t<div class=\"elementor-element elementor-element-5edec6b e-con-full e-flex e-con e-child\" data-id=\"5edec6b\" data-element_type=\"container\">\n\t\t\t\t<div class=\"elementor-element elementor-element-a457b37 elementor-widget elementor-widget-image\" data-id=\"a457b37\" data-element_type=\"widget\" data-widget_type=\"image.default\">\n\t\t\t\t<div class=\"elementor-widget-container\">\n\t\t\t\t\t\t\t\t\t\t<figure class=\"wp-caption\">\n\t\t\t\t\t\t\t\t\t\t<img loading=\"lazy\" decoding=\"async\" width=\"853\" height=\"1280\" src=\"https:\/\/demais.fm.br\/101.1\/wp-content\/uploads\/2023\/10\/Ro.jpg\" class=\"elementor-animation-pulse-shrink attachment-full size-full wp-image-310\" alt=\"\" srcset=\"https:\/\/demais.fm.br\/101.1\/wp-content\/uploads\/2023\/10\/Ro.jpg 853w, https:\/\/demais.fm.br\/101.1\/wp-content\/uploads\/2023\/10\/Ro-200x300.jpg 200w, https:\/\/demais.fm.br\/101.1\/wp-content\/uploads\/2023\/10\/Ro-682x1024.jpg 682w, https:\/\/demais.fm.br\/101.1\/wp-content\/uploads\/2023\/10\/Ro-768x1152.jpg 768w\" sizes=\"(max-width: 853px) 100vw, 853px\" \/>\t\t\t\t\t\t\t\t\t\t\t<figcaption class=\"widget-image-caption wp-caption-text\">Rosane Wengrzynovski <br>Opec<\/figcaption>\n\t\t\t\t\t\t\t\t\t\t<\/figure>\n\t\t\t\t\t\t\t<\/div>\n\t\t\t\t<\/div>\n\t\t\t\t<\/div>\n\t\t<div class=\"elementor-element elementor-element-bf32970 e-con-full e-flex e-con e-child\" data-id=\"bf32970\" data-element_type=\"container\">\n\t\t\t\t<div class=\"elementor-element elementor-element-64e73d8 elementor-widget elementor-widget-image\" data-id=\"64e73d8\" data-element_type=\"widget\" data-widget_type=\"image.default\">\n\t\t\t\t<div class=\"elementor-widget-container\">\n\t\t\t\t\t\t\t\t\t\t<figure class=\"wp-caption\">\n\t\t\t\t\t\t\t\t\t\t<img loading=\"lazy\" decoding=\"async\" width=\"853\" height=\"1280\" src=\"https:\/\/demais.fm.br\/101.1\/wp-content\/uploads\/2023\/10\/Jo.jpg\" class=\"elementor-animation-pulse-shrink attachment-full size-full wp-image-304\" alt=\"\" srcset=\"https:\/\/demais.fm.br\/101.1\/wp-content\/uploads\/2023\/10\/Jo.jpg 853w, https:\/\/demais.fm.br\/101.1\/wp-content\/uploads\/2023\/10\/Jo-200x300.jpg 200w, https:\/\/demais.fm.br\/101.1\/wp-content\/uploads\/2023\/10\/Jo-682x1024.jpg 682w, https:\/\/demais.fm.br\/101.1\/wp-content\/uploads\/2023\/10\/Jo-768x1152.jpg 768w\" sizes=\"(max-width: 853px) 100vw, 853px\" \/>\t\t\t\t\t\t\t\t\t\t\t<figcaption class=\"widget-image-caption wp-caption-text\">Josiane On\u00f3rio <br> Comunicadora<\/figcaption>\n\t\t\t\t\t\t\t\t\t\t<\/figure>\n\t\t\t\t\t\t\t<\/div>\n\t\t\t\t<\/div>\n\t\t\t\t<\/div>\n\t\t<div class=\"elementor-element elementor-element-e8757bb e-con-full e-flex e-con e-child\" data-id=\"e8757bb\" data-element_type=\"container\">\n\t\t\t\t<div class=\"elementor-element elementor-element-8f6540a elementor-widget elementor-widget-image\" data-id=\"8f6540a\" data-element_type=\"widget\" data-widget_type=\"image.default\">\n\t\t\t\t<div class=\"elementor-widget-container\">\n\t\t\t\t\t\t\t\t\t\t<figure class=\"wp-caption\">\n\t\t\t\t\t\t\t\t\t\t<img loading=\"lazy\" decoding=\"async\" width=\"853\" height=\"1280\" src=\"https:\/\/demais.fm.br\/101.1\/wp-content\/uploads\/2023\/10\/Jr.jpg\" class=\"elementor-animation-pulse-shrink attachment-full size-full wp-image-305\" alt=\"\" srcset=\"https:\/\/demais.fm.br\/101.1\/wp-content\/uploads\/2023\/10\/Jr.jpg 853w, https:\/\/demais.fm.br\/101.1\/wp-content\/uploads\/2023\/10\/Jr-200x300.jpg 200w, https:\/\/demais.fm.br\/101.1\/wp-content\/uploads\/2023\/10\/Jr-682x1024.jpg 682w, https:\/\/demais.fm.br\/101.1\/wp-content\/uploads\/2023\/10\/Jr-768x1152.jpg 768w\" sizes=\"(max-width: 853px) 100vw, 853px\" \/>\t\t\t\t\t\t\t\t\t\t\t<figcaption class=\"widget-image-caption wp-caption-text\">Junior Louren\u00e7o <br> Comunicador<\/figcaption>\n\t\t\t\t\t\t\t\t\t\t<\/figure>\n\t\t\t\t\t\t\t<\/div>\n\t\t\t\t<\/div>\n\t\t\t\t<\/div>\n\t\t<div class=\"elementor-element elementor-element-13c9b5d e-con-full e-flex e-con e-child\" data-id=\"13c9b5d\" data-element_type=\"container\">\n\t\t\t\t<div class=\"elementor-element elementor-element-356e796 elementor-widget elementor-widget-image\" data-id=\"356e796\" data-element_type=\"widget\" data-widget_type=\"image.default\">\n\t\t\t\t<div class=\"elementor-widget-container\">\n\t\t\t\t\t\t\t\t\t\t<figure class=\"wp-caption\">\n\t\t\t\t\t\t\t\t\t\t<img loading=\"lazy\" decoding=\"async\" width=\"853\" height=\"1280\" src=\"https:\/\/demais.fm.br\/101.1\/wp-content\/uploads\/2023\/10\/FAisca.jpg\" class=\"elementor-animation-pulse-shrink attachment-full size-full wp-image-303\" alt=\"\" srcset=\"https:\/\/demais.fm.br\/101.1\/wp-content\/uploads\/2023\/10\/FAisca.jpg 853w, https:\/\/demais.fm.br\/101.1\/wp-content\/uploads\/2023\/10\/FAisca-200x300.jpg 200w, https:\/\/demais.fm.br\/101.1\/wp-content\/uploads\/2023\/10\/FAisca-682x1024.jpg 682w, https:\/\/demais.fm.br\/101.1\/wp-content\/uploads\/2023\/10\/FAisca-768x1152.jpg 768w\" sizes=\"(max-width: 853px) 100vw, 853px\" \/>\t\t\t\t\t\t\t\t\t\t\t<figcaption class=\"widget-image-caption wp-caption-text\">Celso Cola\u00e7o \"Fa\u00edsca\" <br> Consultor de Vendas<\/figcaption>\n\t\t\t\t\t\t\t\t\t\t<\/figure>\n\t\t\t\t\t\t\t<\/div>\n\t\t\t\t<\/div>\n\t\t\t\t<\/div>\n\t\t\t\t\t<\/div>\n\t\t\t\t<\/div>\n\t\t<div class=\"elementor-element elementor-element-f866f3f e-flex e-con-boxed e-con e-child\" data-id=\"f866f3f\" data-element_type=\"container\">\n\t\t\t\t\t<div class=\"e-con-inner\">\n\t\t<div class=\"elementor-element elementor-element-49720ca e-con-full e-flex e-con e-child\" data-id=\"49720ca\" data-element_type=\"container\">\n\t\t\t\t<div class=\"elementor-element elementor-element-944b163 elementor-widget elementor-widget-image\" data-id=\"944b163\" data-element_type=\"widget\" data-widget_type=\"image.default\">\n\t\t\t\t<div class=\"elementor-widget-container\">\n\t\t\t\t\t\t\t\t\t\t<figure class=\"wp-caption\">\n\t\t\t\t\t\t\t\t\t\t<img loading=\"lazy\" decoding=\"async\" width=\"853\" height=\"1280\" src=\"https:\/\/demais.fm.br\/101.1\/wp-content\/uploads\/2023\/10\/Manu.jpg\" class=\"elementor-animation-pulse-shrink attachment-full size-full wp-image-307\" alt=\"\" srcset=\"https:\/\/demais.fm.br\/101.1\/wp-content\/uploads\/2023\/10\/Manu.jpg 853w, https:\/\/demais.fm.br\/101.1\/wp-content\/uploads\/2023\/10\/Manu-200x300.jpg 200w, https:\/\/demais.fm.br\/101.1\/wp-content\/uploads\/2023\/10\/Manu-682x1024.jpg 682w, https:\/\/demais.fm.br\/101.1\/wp-content\/uploads\/2023\/10\/Manu-768x1152.jpg 768w\" sizes=\"(max-width: 853px) 100vw, 853px\" \/>\t\t\t\t\t\t\t\t\t\t\t<figcaption class=\"widget-image-caption wp-caption-text\">Emanuel Veiga <br> Produ\u00e7\u00e3o \u00c1udio Visual<\/figcaption>\n\t\t\t\t\t\t\t\t\t\t<\/figure>\n\t\t\t\t\t\t\t<\/div>\n\t\t\t\t<\/div>\n\t\t\t\t<\/div>\n\t\t<div class=\"elementor-element elementor-element-347c70c e-con-full e-flex e-con e-child\" data-id=\"347c70c\" data-element_type=\"container\">\n\t\t\t\t<div class=\"elementor-element elementor-element-adbbda9 elementor-widget elementor-widget-image\" data-id=\"adbbda9\" data-element_type=\"widget\" data-widget_type=\"image.default\">\n\t\t\t\t<div class=\"elementor-widget-container\">\n\t\t\t\t\t\t\t\t\t\t<figure class=\"wp-caption\">\n\t\t\t\t\t\t\t\t\t\t<img decoding=\"async\" src=\"https:\/\/demais.fm.br\/101.1\/wp-content\/uploads\/elementor\/thumbs\/Ermildo-scaled-r7xs7s4abz2e6i5p55161w5jmu6tk8sx0atlneyw5c.jpg\" title=\"Ermildo\" alt=\"Ermildo\" class=\"elementor-animation-pulse-shrink\" loading=\"lazy\" \/>\t\t\t\t\t\t\t\t\t\t\t<figcaption class=\"widget-image-caption wp-caption-text\">Ermildo Gomes <br> Comunicador e Consultor de Vendas<\/figcaption>\n\t\t\t\t\t\t\t\t\t\t<\/figure>\n\t\t\t\t\t\t\t<\/div>\n\t\t\t\t<\/div>\n\t\t\t\t<\/div>\n\t\t<div class=\"elementor-element elementor-element-0772bdd e-con-full e-flex e-con e-child\" data-id=\"0772bdd\" data-element_type=\"container\">\n\t\t\t\t<div class=\"elementor-element elementor-element-c7c7317 elementor-widget elementor-widget-image\" data-id=\"c7c7317\" data-element_type=\"widget\" data-widget_type=\"image.default\">\n\t\t\t\t<div class=\"elementor-widget-container\">\n\t\t\t\t\t\t\t\t\t\t<figure class=\"wp-caption\">\n\t\t\t\t\t\t\t\t\t\t<img decoding=\"async\" src=\"https:\/\/demais.fm.br\/101.1\/wp-content\/uploads\/elementor\/thumbs\/Bia-scaled-r7xs7gu81ymyb6m2z05n7z00i7qezvk4yqzrw3fm80.jpg\" title=\"Bia\" alt=\"Bia\" class=\"elementor-animation-pulse-shrink\" loading=\"lazy\" \/>\t\t\t\t\t\t\t\t\t\t\t<figcaption class=\"widget-image-caption wp-caption-text\">Ana Beatriz Wengrzynovski <br> Auxiliar de Escrit\u00f3rio<\/figcaption>\n\t\t\t\t\t\t\t\t\t\t<\/figure>\n\t\t\t\t\t\t\t<\/div>\n\t\t\t\t<\/div>\n\t\t\t\t<\/div>\n\t\t<div class=\"elementor-element elementor-element-70590d5 e-con-full e-flex e-con e-child\" data-id=\"70590d5\" data-element_type=\"container\">\n\t\t\t\t<\/div>\n\t\t\t\t\t<\/div>\n\t\t\t\t<\/div>\n\t\t\t\t\t<\/div>\n\t\t\t\t<\/div>\n\t\t\t\t<\/div>\n\t\t","protected":false},"excerpt":{"rendered":"<p>Equipe Douglas Fernandes Anad\u00e3o Diretor Rede Demais FM Roselia Friese Fernandes Anad\u00e3o Gerente Administrativa Lui R\u00e9gis Diretor Artistico Rede Demais FM Sandro Goterra Gerente \/ Departamento Jornalismo Rosane Wengrzynovski Opec Josiane On\u00f3rio Comunicadora Junior Louren\u00e7o Comunicador Celso Cola\u00e7o &#8220;Fa\u00edsca&#8221; Consultor de Vendas Emanuel Veiga Produ\u00e7\u00e3o \u00c1udio Visual Ermildo Gomes Comunicador e Consultor de Vendas Ana [&hellip;]<\/p>\n","protected":false},"author":1,"featured_media":0,"parent":0,"menu_order":0,"comment_status":"closed","ping_status":"closed","template":"elementor_header_footer","meta":{"footnotes":""},"class_list":["post-197","page","type-page","status-publish","hentry"],"_links":{"self":[{"href":"https:\/\/demais.fm.br\/101.1\/wp-json\/wp\/v2\/pages\/197","targetHints":{"allow":["GET"]}}],"collection":[{"href":"https:\/\/demais.fm.br\/101.1\/wp-json\/wp\/v2\/pages"}],"about":[{"href":"https:\/\/demais.fm.br\/101.1\/wp-json\/wp\/v2\/types\/page"}],"author":[{"embeddable":true,"href":"https:\/\/demais.fm.br\/101.1\/wp-json\/wp\/v2\/users\/1"}],"replies":[{"embeddable":true,"href":"https:\/\/demais.fm.br\/101.1\/wp-json\/wp\/v2\/comments?post=197"}],"version-history":[{"count":34,"href":"https:\/\/demais.fm.br\/101.1\/wp-json\/wp\/v2\/pages\/197\/revisions"}],"predecessor-version":[{"id":944,"href":"https:\/\/demais.fm.br\/101.1\/wp-json\/wp\/v2\/pages\/197\/revisions\/944"}],"wp:attachment":[{"href":"https:\/\/demais.fm.br\/101.1\/wp-json\/wp\/v2\/media?parent=197"}],"curies":[{"name":"wp","href":"https:\/\/api.w.org\/{rel}","templated":true}]}}